{"id":13090,"date":"2015-06-23T12:39:49","date_gmt":"2015-06-23T12:39:49","guid":{"rendered":"http:\/\/www.interrecycling.eu\/?page_id=13090"},"modified":"2017-02-14T15:01:20","modified_gmt":"2017-02-14T15:01:20","slug":"kunststoffgranulat-kaufen","status":"publish","type":"page","link":"https:\/\/interrecycling.eu\/de\/kunststoffgranulat-kaufen\/","title":{"rendered":"Kunststoffgranulat kaufen"},"content":{"rendered":"<p><div class=\"fusion-fullwidth fullwidth-box fusion-builder-row-1 nonhundred-percent-fullwidth non-hundred-percent-height-scrolling\" style=\"background-color: rgba(255,255,255,0);background-position: left top;background-repeat: no-repeat;padding-top:20px;padding-right:0px;padding-bottom:20px;padding-left:0px;margin-bottom: 0px;margin-top: 0px;border-width: 0px 0px 0px 0px;border-color:#eae9e9;border-style:solid;\" ><div class=\"fusion-builder-row fusion-row\"><div class=\"fusion-layout-column fusion_builder_column fusion-builder-column-0 fusion_builder_column_1_1 1_1 fusion-one-full fusion-column-first fusion-column-last fusion-column-no-min-height\" style=\"margin-top:0px;margin-bottom:0px;\"><div class=\"fusion-column-wrapper fusion-flex-column-wrapper-legacy\" style=\"background-position:left top;background-repeat:no-repeat;-webkit-background-size:cover;-moz-background-size:cover;-o-background-size:cover;background-size:cover;padding: 0px 0px 0px 0px;\"><div class=\"fusion-text fusion-text-1\"><h1 style=\"text-align: center;\">Kurzfristig verf\u00fcgbare Restposten von Inter Recycling<\/h1>\n<\/div><div class=\"fusion-sep-clear\"><\/div><div class=\"fusion-separator\" style=\"margin-left: auto;margin-right: auto;margin-top:10px;margin-bottom:50px;width:100%;max-width:350px;\"><div class=\"fusion-separator-border sep-single sep-solid\" style=\"border-color:rgba(000,000,000,.3);border-top-width:1px;\"><\/div><\/div><div class=\"fusion-sep-clear\"><\/div><div class=\"fusion-clearfix\"><\/div><\/div><\/div><div class=\"fusion-layout-column fusion_builder_column fusion-builder-column-1 fusion_builder_column_1_1 1_1 fusion-one-full fusion-column-first fusion-column-last\" style=\"margin-top:0px;margin-bottom:20px;\"><div class=\"fusion-column-wrapper fusion-flex-column-wrapper-legacy\" style=\"background-position:left top;background-repeat:no-repeat;-webkit-background-size:cover;-moz-background-size:cover;-o-background-size:cover;background-size:cover;padding: 0px 0px 0px 0px;\"><div class=\"fusion-text fusion-text-2\"><p>Im Handel von thermoplastischen Kunststoffen haben wir immer wieder Restmengen hochwertiger Regranulate oder Mahlgut. Diese werden zu Sonderkonditionen gehandelt und sind nur kurzfristig verf\u00fcgbar. Sekund\u00e4rRohstoffe wie Mahlgut und Regranulat aus recycelten und hochwertig aufbereiteten Kunststoffabf\u00e4llen sind eine echte Alternative zur Neuware. Wichtig dabei ist die Qualit\u00e4t der Aufbereitung, die Inter Recycling auch bei kurzfristig verf\u00fcgbaren Restposten gew\u00e4hrleistet. Sie m\u00fcssen nicht immer neues Kunststoffgranulat kaufen, informieren Sie sich \u00fcber unsere Recycling-Produkte!<\/p>\n<\/div><div class=\"fusion-clearfix\"><\/div><\/div><\/div><\/div><\/div><div class=\"fusion-fullwidth fullwidth-box fusion-builder-row-2 nonhundred-percent-fullwidth non-hundred-percent-height-scrolling\" style=\"background-color: #eadd20;background-position: left center;background-repeat: no-repeat;padding-top:25px;padding-right:30px;padding-bottom:10px;padding-left:30px;margin-bottom: 0px;margin-top: 0px;border-width: 0px 0px 0px 0px;border-color:#eae9e9;border-style:solid;\" ><div class=\"fusion-builder-row fusion-row\"><div class=\"fusion-layout-column fusion_builder_column fusion-builder-column-2 fusion_builder_column_1_1 1_1 fusion-one-full fusion-column-first fusion-column-last fusion-column-no-min-height\" style=\"margin-top:0px;margin-bottom:0px;\"><div class=\"fusion-column-wrapper fusion-flex-column-wrapper-legacy\" style=\"background-position:left top;background-repeat:no-repeat;-webkit-background-size:cover;-moz-background-size:cover;-o-background-size:cover;background-size:cover;padding: 0px 0px 0px 0px;\"><div class=\"fusion-text fusion-text-3\"><h2 style=\"text-align: center;\"><span style=\"color: #ffffff;\">Aktuelle Restposten<\/span><\/h2>\n<\/div><div class=\"fusion-clearfix\"><\/div><\/div><\/div><\/div><\/div><div class=\"fusion-fullwidth fullwidth-box fusion-builder-row-3 hundred-percent-fullwidth non-hundred-percent-height-scrolling\" style=\"background-color: rgba(255,255,255,0);background-position: left top;background-repeat: no-repeat;padding-top:0px;padding-right:0px;padding-bottom:0px;padding-left:0px;margin-bottom: 0px;margin-top: 0px;border-width: 0px 0px 0px 0px;border-color:#eae9e9;border-style:solid;\" ><div class=\"fusion-builder-row fusion-row\"><div class=\"fusion-layout-column fusion_builder_column fusion-builder-column-3 fusion_builder_column_1_1 1_1 fusion-one-full fusion-column-first fusion-column-last fusion-column-no-min-height\" style=\"margin-top:0px;margin-bottom:0px;\"><div class=\"fusion-column-wrapper fusion-flex-column-wrapper-legacy\" style=\"background-position:left top;background-repeat:no-repeat;-webkit-background-size:cover;-moz-background-size:cover;-o-background-size:cover;background-size:cover;padding: 0px 0px 0px 0px;\"><div class=\"fusion-recent-works fusion-portfolio-element fusion-portfolio fusion-portfolio-1 fusion-portfolio-grid fusion-portfolio-paging-none fusion-portfolio-three fusion-portfolio-no_text fusion-portfolio-rollover\" data-id=\"-rw-1\" data-columns=\"three\"><style type=\"text\/css\">.fusion-portfolio-1 .fusion-portfolio-wrapper .fusion-col-spacing{padding:0px;}<\/style><div class=\"fusion-portfolio-wrapper\" id=\"fusion-portfolio-1\" data-picturesize=\"auto\" data-pages=\"1\" style=\"margin:-0px;\"><article id=\"portfolio-1-post-13240\" class=\"fusion-portfolio-post regranulat fusion-col-spacing post-13240\"><div class=\"fusion-portfolio-content-wrapper\" style=\"border:none;\"><span class=\"entry-title rich-snippet-hidden\">PS Regranulat schwarz MFI 20<\/span><span class=\"vcard rich-snippet-hidden\"><span class=\"fn\"><a href=\"https:\/\/interrecycling.eu\/de\/blog\/author\/boehme\/\" title=\"Beitr\u00e4ge von Thomas B\u00f6hme\" rel=\"author\">Thomas B\u00f6hme<\/a><\/span><\/span><span class=\"updated rich-snippet-hidden\">2017-02-14T15:01:20+00:00<\/span><div  class=\"fusion-image-wrapper\" aria-haspopup=\"true\">\n\t\t\t\t<img decoding=\"async\" width=\"1632\" height=\"1224\" src=\"https:\/\/interrecycling.eu\/de\/wp-content\/uploads\/sites\/2\/2016\/02\/IMG_3778.jpg\" class=\"attachment-full size-full wp-post-image\" alt=\"\" \/><div class=\"fusion-rollover\">\n\t<div class=\"fusion-rollover-content\">\n\n\t\t\t\t\t\t\t\t\t\t\t\t\t\t<a class=\"fusion-rollover-link\" href=\"https:\/\/interrecycling.eu\/de\/blog\/portfolio-items\/ps-regranulate-schwarz\/\">PS Regranulat schwarz MFI 20<\/a>\n\t\t\t\n\t\t\t\t\t\t\t\t\t\t\t\t\t\t\n\t\t\t\t\t\t\t\t\n\t\t\t\t\t\t\t\t\t\t\t\t\t<div class=\"fusion-rollover-sep\"><\/div>\n\t\t\t\t\n\t\t\t\t\t\t\t\t\t\t\t\t\t\t\t\t\t\t<a class=\"fusion-rollover-gallery\" href=\"https:\/\/interrecycling.eu\/de\/wp-content\/uploads\/sites\/2\/2016\/02\/IMG_3778.jpg\" data-id=\"13240\" data-rel=\"iLightbox[gallery-rw-1]\" data-title=\"IMG_3778\" data-caption=\"\">\n\t\t\t\t\t\tGallery\t\t\t\t\t<\/a>\n\t\t\t\t\t\t\t\t\t\t\t\t\t\t\n\t\t\n\t\t\t\t\t\t\t\t\t\t\t\t<h4 class=\"fusion-rollover-title\">\n\t\t\t\t\t<a class=\"fusion-rollover-title-link\" href=\"https:\/\/interrecycling.eu\/de\/blog\/portfolio-items\/ps-regranulate-schwarz\/\">\n\t\t\t\t\t\tPS Regranulat schwarz MFI 20\t\t\t\t\t<\/a>\n\t\t\t\t<\/h4>\n\t\t\t\n\t\t\t\t\t\t\t\t\t\t<div class=\"fusion-rollover-categories\"><a href=\"https:\/\/interrecycling.eu\/de\/portfolio_category\/regranulat\/\" rel=\"tag\">Regranulat<\/a><\/div>\t\t\t\t\t\n\t\t\n\t\t\t\t\t\t<a class=\"fusion-link-wrapper\" href=\"https:\/\/interrecycling.eu\/de\/blog\/portfolio-items\/ps-regranulate-schwarz\/\" aria-label=\"PS Regranulat schwarz MFI 20\"><\/a>\n\t<\/div>\n<\/div>\n<\/div>\n<\/div><\/article><article id=\"portfolio-1-post-13121\" class=\"fusion-portfolio-post regranulat fusion-col-spacing post-13121\"><div class=\"fusion-portfolio-content-wrapper\" style=\"border:none;\"><span class=\"entry-title rich-snippet-hidden\">Recycling Kunststoff: Regranulat<\/span><span class=\"vcard rich-snippet-hidden\"><span class=\"fn\"><a href=\"https:\/\/interrecycling.eu\/de\/blog\/author\/susanne\/\" title=\"Beitr\u00e4ge von Susanne Sch\u00f6llenberger-Baumgartner\" rel=\"author\">Susanne Sch\u00f6llenberger-Baumgartner<\/a><\/span><\/span><span class=\"updated rich-snippet-hidden\">2017-02-14T15:01:20+00:00<\/span><div  class=\"fusion-image-wrapper\" aria-haspopup=\"true\">\n\t\t\t\t<img decoding=\"async\" width=\"800\" height=\"600\" src=\"https:\/\/interrecycling.eu\/de\/wp-content\/uploads\/sites\/2\/2014\/09\/recycling-kunststoff.jpg\" class=\"attachment-full size-full wp-post-image\" alt=\"\" \/><div class=\"fusion-rollover\">\n\t<div class=\"fusion-rollover-content\">\n\n\t\t\t\t\t\t\t\t\t\t\t\t\t\t<a class=\"fusion-rollover-link\" href=\"https:\/\/interrecycling.eu\/de\/blog\/portfolio-items\/recycling-kunststoff-regranulat\/\">Recycling Kunststoff: Regranulat<\/a>\n\t\t\t\n\t\t\t\t\t\t\t\t\t\t\t\t\t\t\n\t\t\t\t\t\t\t\t\n\t\t\t\t\t\t\t\t\t\t\t\t\t<div class=\"fusion-rollover-sep\"><\/div>\n\t\t\t\t\n\t\t\t\t\t\t\t\t\t\t\t\t\t\t\t\t\t\t<a class=\"fusion-rollover-gallery\" href=\"https:\/\/interrecycling.eu\/de\/wp-content\/uploads\/sites\/2\/2014\/09\/recycling-kunststoff.jpg\" data-id=\"13121\" data-rel=\"iLightbox[gallery-rw-1]\" data-title=\"Recycling-kunststoff\" data-caption=\"\">\n\t\t\t\t\t\tGallery\t\t\t\t\t<\/a>\n\t\t\t\t\t\t\t\t\t\t\t\t\t\t\n\t\t\n\t\t\t\t\t\t\t\t\t\t\t\t<h4 class=\"fusion-rollover-title\">\n\t\t\t\t\t<a class=\"fusion-rollover-title-link\" href=\"https:\/\/interrecycling.eu\/de\/blog\/portfolio-items\/recycling-kunststoff-regranulat\/\">\n\t\t\t\t\t\tRecycling Kunststoff: Regranulat\t\t\t\t\t<\/a>\n\t\t\t\t<\/h4>\n\t\t\t\n\t\t\t\t\t\t\t\t\t\t<div class=\"fusion-rollover-categories\"><a href=\"https:\/\/interrecycling.eu\/de\/portfolio_category\/regranulat\/\" rel=\"tag\">Regranulat<\/a><\/div>\t\t\t\t\t\n\t\t\n\t\t\t\t\t\t<a class=\"fusion-link-wrapper\" href=\"https:\/\/interrecycling.eu\/de\/blog\/portfolio-items\/recycling-kunststoff-regranulat\/\" aria-label=\"Recycling Kunststoff: Regranulat\"><\/a>\n\t<\/div>\n<\/div>\n<\/div>\n<\/div><\/article><article id=\"portfolio-1-post-10863\" class=\"fusion-portfolio-post mahlgut fusion-col-spacing post-10863\"><div class=\"fusion-portfolio-content-wrapper\" style=\"border:none;\"><span class=\"entry-title rich-snippet-hidden\">PA 6 GF 30 Mahlgut mit geringen TPE Anteilen<\/span><span class=\"vcard rich-snippet-hidden\"><span class=\"fn\"><a href=\"https:\/\/interrecycling.eu\/de\/blog\/author\/susanne\/\" title=\"Beitr\u00e4ge von Susanne Sch\u00f6llenberger-Baumgartner\" rel=\"author\">Susanne Sch\u00f6llenberger-Baumgartner<\/a><\/span><\/span><span class=\"updated rich-snippet-hidden\">2017-02-14T15:01:20+00:00<\/span><div  class=\"fusion-image-wrapper\" aria-haspopup=\"true\">\n\t\t\t\t<img decoding=\"async\" width=\"1632\" height=\"1224\" src=\"https:\/\/interrecycling.eu\/de\/wp-content\/uploads\/sites\/2\/2014\/09\/IMG_3780.jpg\" class=\"attachment-full size-full wp-post-image\" alt=\"\" \/><div class=\"fusion-rollover\">\n\t<div class=\"fusion-rollover-content\">\n\n\t\t\t\t\t\t\t\t\t\t\t\t\t\t<a class=\"fusion-rollover-link\" href=\"https:\/\/interrecycling.eu\/de\/blog\/portfolio-items\/recycling-kunststoffe\/\">PA 6 GF 30 Mahlgut mit geringen TPE Anteilen<\/a>\n\t\t\t\n\t\t\t\t\t\t\t\t\t\t\t\t\t\t\n\t\t\t\t\t\t\t\t\n\t\t\t\t\t\t\t\t\t\t\t\t\t<div class=\"fusion-rollover-sep\"><\/div>\n\t\t\t\t\n\t\t\t\t\t\t\t\t\t\t\t\t\t\t\t\t\t\t<a class=\"fusion-rollover-gallery\" href=\"https:\/\/interrecycling.eu\/de\/wp-content\/uploads\/sites\/2\/2014\/09\/IMG_3780.jpg\" data-id=\"10863\" data-rel=\"iLightbox[gallery-rw-1]\" data-title=\"IMG_3780\" data-caption=\"\">\n\t\t\t\t\t\tGallery\t\t\t\t\t<\/a>\n\t\t\t\t\t\t\t\t\t\t\t\t\t\t\n\t\t\n\t\t\t\t\t\t\t\t\t\t\t\t<h4 class=\"fusion-rollover-title\">\n\t\t\t\t\t<a class=\"fusion-rollover-title-link\" href=\"https:\/\/interrecycling.eu\/de\/blog\/portfolio-items\/recycling-kunststoffe\/\">\n\t\t\t\t\t\tPA 6 GF 30 Mahlgut mit geringen TPE Anteilen\t\t\t\t\t<\/a>\n\t\t\t\t<\/h4>\n\t\t\t\n\t\t\t\t\t\t\t\t\t\t<div class=\"fusion-rollover-categories\"><a href=\"https:\/\/interrecycling.eu\/de\/portfolio_category\/mahlgut\/\" rel=\"tag\">Mahlgut<\/a><\/div>\t\t\t\t\t\n\t\t\n\t\t\t\t\t\t<a class=\"fusion-link-wrapper\" href=\"https:\/\/interrecycling.eu\/de\/blog\/portfolio-items\/recycling-kunststoffe\/\" aria-label=\"PA 6 GF 30 Mahlgut mit geringen TPE Anteilen\"><\/a>\n\t<\/div>\n<\/div>\n<\/div>\n<\/div><\/article><\/div><\/div><div class=\"fusion-clearfix\"><\/div><\/div><\/div><\/div><\/div><div class=\"fusion-fullwidth fullwidth-box fusion-builder-row-4 hundred-percent-fullwidth non-hundred-percent-height-scrolling\" style=\"background-color: rgba(255,255,255,0);background-position: center center;background-repeat: no-repeat;padding-top:0px;padding-right:0px;padding-bottom:0px;padding-left:0px;margin-bottom: -40px;margin-top: -42px;border-width: 0px 0px 0px 0px;border-color:#eae9e9;border-style:solid;\" ><div class=\"fusion-builder-row fusion-row\"><div class=\"fusion-layout-column fusion_builder_column fusion-builder-column-4 fusion_builder_column_1_1 1_1 fusion-one-full fusion-column-first fusion-column-last fusion-column-no-min-height\" style=\"margin-top:0px;margin-bottom:0px;\"><div class=\"fusion-column-wrapper fusion-flex-column-wrapper-legacy\" style=\"background-position:left top;background-repeat:no-repeat;-webkit-background-size:cover;-moz-background-size:cover;-o-background-size:cover;background-size:cover;padding: 0px 0px 0px 0px;\"><div class=\"fusion-sep-clear\"><\/div><div class=\"fusion-separator fusion-full-width-sep\" style=\"margin-left: auto;margin-right: auto;width:100%;\"><\/div><div class=\"fusion-sep-clear\"><\/div><div class=\"fusion-clearfix\"><\/div><\/div><\/div><\/div><style type=\"text\/css\">.fusion-fullwidth.fusion-builder-row-4 { overflow:visible; }<\/style><\/div><div class=\"fusion-fullwidth fullwidth-box fusion-builder-row-5 fusion-parallax-fixed nonhundred-percent-fullwidth non-hundred-percent-height-scrolling\" style=\"background-color: #cea96c;background-image: url(&quot;http:\/\/www.interrecycling.eu\/wp-content\/uploads\/2014\/10\/blur_green.jpg&quot;);background-position: left top;background-repeat: no-repeat;padding-top:15px;padding-right:30px;padding-bottom:10px;padding-left:30px;margin-bottom: 0px;margin-top: 0px;border-width: 0px 0px 0px 0px;border-color:#eae9e9;border-style:solid;-webkit-background-size:cover;-moz-background-size:cover;-o-background-size:cover;background-size:cover;background-attachment:fixed;\" ><div class=\"fusion-builder-row fusion-row\"><div class=\"fusion-layout-column fusion_builder_column fusion-builder-column-5 fusion_builder_column_1_3 1_3 fusion-one-third fusion-column-first\" style=\"width:30.6666%; margin-right: 4%;margin-top:0px;margin-bottom:20px;\"><div class=\"fusion-column-wrapper fusion-flex-column-wrapper-legacy\" style=\"background-position:left top;background-repeat:no-repeat;-webkit-background-size:cover;-moz-background-size:cover;-o-background-size:cover;background-size:cover;padding: 0px 0px 0px 0px;\"><div class=\"fusion-sep-clear\"><\/div><div class=\"fusion-separator fusion-full-width-sep\" style=\"margin-left: auto;margin-right: auto;margin-top:43px;margin-bottom:0px;width:100%;\"><div class=\"fusion-separator-border sep-single sep-solid\" style=\"border-color:rgba(255,255,255,.4);border-top-width:1px;\"><\/div><\/div><div class=\"fusion-sep-clear\"><\/div><div class=\"fusion-clearfix\"><\/div><\/div><\/div><div class=\"fusion-layout-column fusion_builder_column fusion-builder-column-6 fusion_builder_column_1_3 1_3 fusion-one-third\" style=\"width:30.6666%; margin-right: 4%;margin-top:0px;margin-bottom:20px;\"><div class=\"fusion-column-wrapper fusion-flex-column-wrapper-legacy\" style=\"background-position:left top;background-repeat:no-repeat;-webkit-background-size:cover;-moz-background-size:cover;-o-background-size:cover;background-size:cover;padding: 0px 0px 0px 0px;\"><div class=\"fusion-sep-clear\"><\/div><div class=\"fusion-separator fusion-full-width-sep\" style=\"margin-left: auto;margin-right: auto;margin-top:14px;margin-bottom:0px;width:100%;\"><\/div><div class=\"fusion-sep-clear\"><\/div><div class=\"fusion-aligncenter\"><style>.fusion-button.button-1 .fusion-button-text,.fusion-button.button-1 i{color:rgba(255,255,255,.6);}.fusion-button.button-1{border-color:#787878;border-width:1px 1px 1px 1px;border-radius:2px 2px 2px 2px;background:transparent;}.fusion-button.button-1:hover .fusion-button-text,.fusion-button.button-1:hover i,.fusion-button.button-1:focus .fusion-button-text,.fusion-button.button-1:focus i,.fusion-button.button-1:active .fusion-button-text,.fusion-button.button-1:active i{color:rgba(255,255,255,.9);}.fusion-button.button-1:hover,.fusion-button.button-1:active,.fusion-button.button-1:focus{border-color:rgba(255,255,255,.9);border-width:1px 1px 1px 1px;background:rgba(255, 255, 255, 0.09);}<\/style><a class=\"fusion-button button-flat button-xlarge button-custom button-1 fusion-button-default-span \" target=\"_blank\" rel=\"noopener noreferrer\" href=\"http:\/\/www.interrecycling.eu\/kunststoffgranulat\/\"><span class=\"fusion-button-text\">Angebot einholen!<\/span><\/a><\/div><div class=\"fusion-clearfix\"><\/div><\/div><\/div><div class=\"fusion-layout-column fusion_builder_column fusion-builder-column-7 fusion_builder_column_1_3 1_3 fusion-one-third fusion-column-last\" style=\"width:30.6666%;margin-top:0px;margin-bottom:20px;\"><div class=\"fusion-column-wrapper fusion-flex-column-wrapper-legacy\" style=\"background-position:left top;background-repeat:no-repeat;-webkit-background-size:cover;-moz-background-size:cover;-o-background-size:cover;background-size:cover;padding: 0px 0px 0px 0px;\"><div class=\"fusion-sep-clear\"><\/div><div class=\"fusion-separator fusion-full-width-sep\" style=\"margin-left: auto;margin-right: auto;margin-top:43px;margin-bottom:0px;width:100%;\"><div class=\"fusion-separator-border sep-single sep-solid\" style=\"border-color:rgba(255,255,255,.4);border-top-width:1px;\"><\/div><\/div><div class=\"fusion-sep-clear\"><\/div><div class=\"fusion-clearfix\"><\/div><\/div><\/div><\/div><\/div><div class=\"fusion-fullwidth fullwidth-box fusion-builder-row-6 faded-background fusion-parallax-fixed nonhundred-percent-fullwidth non-hundred-percent-height-scrolling\" style=\"background-position: left top;background-repeat: no-repeat;padding-top:65px;padding-right:30px;padding-bottom:75px;padding-left:30px;margin-bottom: 0px;margin-top: 0px;border-width: 0px 0px 0px 0px;border-color:#eae9e9;border-style:solid;-webkit-background-size:cover;-moz-background-size:cover;-o-background-size:cover;background-size:cover;background-attachment:fixed;\" ><div class=\"fullwidth-faded\" style=\"background-attachment:fixed;background-color:yes;background-image: url(http:\/\/interrecycling.eu\/de\/wp-content\/uploads\/sites\/2\/2014\/10\/sekundaerrohstoffe-pet.jpg);background-position:left top;background-repeat:no-repeat;-webkit-background-size:cover;-moz-background-size:cover;-o-background-size:cover;background-size:cover;\" ><\/div><div class=\"fusion-builder-row fusion-row\"><div class=\"fusion-layout-column fusion_builder_column fusion-builder-column-8 fusion_builder_column_1_1 1_1 fusion-one-full fusion-column-first fusion-column-last fusion-column-no-min-height\" style=\"margin-top:0px;margin-bottom:0px;\"><div class=\"fusion-column-wrapper fusion-flex-column-wrapper-legacy\" style=\"background-position:left top;background-repeat:no-repeat;-webkit-background-size:cover;-moz-background-size:cover;-o-background-size:cover;background-size:cover;padding: 0px 0px 0px 0px;\"><div class=\"fusion-text fusion-text-4\"><h3 style=\"text-align: center;\"><span style=\"color: #ffff99;\">Kunststoffgranulat kaufen? <\/span><\/h3>\n<h1 style=\"text-align: center;\"><span style=\"color: #ffff99;\">Wir bieten kosteng\u00fcnstige Sekund\u00e4rRohstoffe!<\/span><\/h1>\n<\/div><div class=\"fusion-sep-clear\"><\/div><div class=\"fusion-separator fusion-full-width-sep\" style=\"margin-left: auto;margin-right: auto;margin-top:9px;margin-bottom:9px;width:100%;\"><\/div><div class=\"fusion-sep-clear\"><\/div><div class=\"fusion-aligncenter\"><style>.fusion-button.button-2 .fusion-button-text,.fusion-button.button-2 i{color:rgba(255,255,255,.6);}.fusion-button.button-2{border-color:#787878;border-width:1px 1px 1px 1px;border-radius:2px 2px 2px 2px;background:transparent;}.fusion-button.button-2:hover .fusion-button-text,.fusion-button.button-2:hover i,.fusion-button.button-2:focus .fusion-button-text,.fusion-button.button-2:focus i,.fusion-button.button-2:active .fusion-button-text,.fusion-button.button-2:active i{color:rgba(255,255,255,1);}.fusion-button.button-2:hover,.fusion-button.button-2:active,.fusion-button.button-2:focus{border-color:rgba(255,255,255,1);border-width:1px 1px 1px 1px;background:rgba(255, 255, 255, 0.09);}<\/style><a class=\"fusion-button button-flat button-xlarge button-custom button-2 fusion-button-default-span \" target=\"_blank\" rel=\"noopener noreferrer\" href=\"#\" data-toggle=\"modal\" data-target=\".fusion-modal.contact\"><span class=\"fusion-button-text\">Let&#8217;s Get Started!<\/span><\/a><\/div><div class=\"fusion-clearfix\"><\/div><\/div><\/div><\/div><\/div><div class=\"fusion-fullwidth fullwidth-box fusion-builder-row-7 hundred-percent-fullwidth non-hundred-percent-height-scrolling\" style=\"background-color: rgba(255,255,255,0);background-position: center center;background-repeat: no-repeat;padding-top:0px;padding-right:0px;padding-bottom:0px;padding-left:0px;margin-bottom: 0px;margin-top: 0px;border-width: 0px 0px 0px 0px;border-color:#eae9e9;border-style:solid;\" ><div class=\"fusion-builder-row fusion-row\"><div class=\"fusion-layout-column fusion_builder_column fusion-builder-column-9 fusion_builder_column_1_1 1_1 fusion-one-full fusion-column-first fusion-column-last fusion-column-no-min-height\" style=\"margin-top:0px;margin-bottom:0px;\"><div class=\"fusion-column-wrapper fusion-flex-column-wrapper-legacy\" style=\"background-position:left top;background-repeat:no-repeat;-webkit-background-size:cover;-moz-background-size:cover;-o-background-size:cover;background-size:cover;padding: 0px 0px 0px 0px;\"><div class=\"fusion-modal modal fade modal-1 contact\" tabindex=\"-1\" role=\"dialog\" aria-labelledby=\"modal-heading-1\" aria-hidden=\"true\"><style type=\"text\/css\">.modal-1 .modal-header, .modal-1 .modal-footer{border-color:#ebebeb;}<\/style><div class=\"modal-dialog modal-lg\" role=\"document\"><div class=\"modal-content fusion-modal-content\" style=\"background-color:#ffffff\"><div class=\"modal-header\"><button class=\"close\" type=\"button\" data-dismiss=\"modal\" aria-hidden=\"true\" aria-label=\"Close\">&times;<\/button><h3 class=\"modal-title\" id=\"modal-heading-1\" data-dismiss=\"modal\" aria-hidden=\"true\">We'd Love To Hear From You!<\/h3><\/div><div class=\"modal-body fusion-clearfix\"><div class=\"fusion-builder-row fusion-builder-row-inner fusion-row\"><div class=\"fusion-layout-column fusion_builder_column_inner fusion-builder-nested-column-0 fusion_builder_column_inner_2_5 2_5 fusion-two-fifth fusion-column-first\" style=\"width:40%;width:calc(40% - ( ( 4% ) * 0.4 ) );margin-right: 4%;margin-top:0px;margin-bottom:20px;\"><div class=\"fusion-column-wrapper fusion-flex-column-wrapper-legacy\" style=\"background-position:left top;background-repeat:no-repeat;-webkit-background-size:cover;-moz-background-size:cover;-o-background-size:cover;background-size:cover;padding: 0px 0px 0px 0px;\">\n<div class=\"fusion-sep-clear\"><\/div><div class=\"fusion-separator fusion-full-width-sep\" style=\"margin-left: auto;margin-right: auto;margin-top:10px;margin-bottom:0px;width:100%;\"><\/div><div class=\"fusion-sep-clear\"><\/div><a href=\"http:\/\/interrecycling.eu\/de\/wp-content\/uploads\/sites\/2\/2015\/06\/inter-recycling-170-x-257.png\" rel=\"attachment wp-att-13002\"><img decoding=\"async\" class=\"size-full wp-image-13002 aligncenter\" src=\"http:\/\/interrecycling.eu\/de\/wp-content\/uploads\/sites\/2\/2015\/06\/inter-recycling-170-x-257.png\" alt=\"Inter-Recycling-170-x-257\" width=\"170\" height=\"256\" \/><\/a><\/p>\n\n<div class=\"fusion-sep-clear\"><\/div><div class=\"fusion-separator fusion-full-width-sep\" style=\"margin-left: auto;margin-right: auto;margin-top:5px;margin-bottom:5px;width:100%;\"><\/div><div class=\"fusion-sep-clear\"><\/div>\n<p>Vielen Dank f\u00fcr Ihr Interesse. Wir werden uns umgehend mit Ihnen in Verbindung setzen. Bitte f\u00fcllen Sie dazu das Kontaktformular aus.<\/p>\n<p><strong>Inter Recycling GmbH<br \/>\nGachenweg 16<br \/>\nD83088 Kiefersfelden<br \/>\n<\/strong><\/p>\n<p>+49 8033 \u2013 308 15 32<\/p>\n<p><a href=\"mailto:boehme@interrecycling.de\" target=\"_blank\">boehme@interrecycling.de<\/a><br \/>\nwww.interrecycling.de<div class=\"fusion-clearfix\"><\/div><\/div><\/div>\n<div class=\"fusion-layout-column fusion_builder_column_inner fusion-builder-nested-column-1 fusion_builder_column_inner_3_5 3_5 fusion-three-fifth fusion-column-last\" style=\"width:60%;width:calc(60% - ( ( 4% ) * 0.6 ) );margin-top:0px;margin-bottom:20px;\"><div class=\"fusion-column-wrapper fusion-flex-column-wrapper-legacy\" style=\"background-position:left top;background-repeat:no-repeat;-webkit-background-size:cover;-moz-background-size:cover;-o-background-size:cover;background-size:cover;padding: 0px 0px 0px 0px;\">\n\n<div class=\"wpcf7 no-js\" id=\"wpcf7-f11449-o1\" lang=\"en-US\" dir=\"ltr\" data-wpcf7-id=\"11449\">\n<div class=\"screen-reader-response\"><p role=\"status\" aria-live=\"polite\" aria-atomic=\"true\"><\/p> <ul><\/ul><\/div>\n<form action=\"\/de\/wp-json\/wp\/v2\/pages\/13090#wpcf7-f11449-o1\" method=\"post\" class=\"wpcf7-form init\" aria-label=\"Contact form\" novalidate=\"novalidate\" data-status=\"init\">\n<fieldset class=\"hidden-fields-container\"><input type=\"hidden\" name=\"_wpcf7\" value=\"11449\" \/><input type=\"hidden\" name=\"_wpcf7_version\" value=\"6.1.5\" \/><input type=\"hidden\" name=\"_wpcf7_locale\" value=\"en_US\" \/><input type=\"hidden\" name=\"_wpcf7_unit_tag\" value=\"wpcf7-f11449-o1\" \/><input type=\"hidden\" name=\"_wpcf7_container_post\" value=\"0\" \/><input type=\"hidden\" name=\"_wpcf7_posted_data_hash\" value=\"\" \/>\n<\/fieldset>\n<p>Your Name (required)\n<\/p>\n<p><span class=\"wpcf7-form-control-wrap\" data-name=\"your-name\"><input size=\"40\" maxlength=\"400\" class=\"wpcf7-form-control wpcf7-text wpcf7-validates-as-required\" aria-required=\"true\" aria-invalid=\"false\" value=\"\" type=\"text\" name=\"your-name\" \/><\/span>\n<\/p>\n<p>Your Email (required)\n<\/p>\n<p><span class=\"wpcf7-form-control-wrap\" data-name=\"your-email\"><input size=\"40\" maxlength=\"400\" class=\"wpcf7-form-control wpcf7-email wpcf7-validates-as-required wpcf7-text wpcf7-validates-as-email\" aria-required=\"true\" aria-invalid=\"false\" value=\"\" type=\"email\" name=\"your-email\" \/><\/span>\n<\/p>\n<p>Your Message\n<\/p>\n<p><span class=\"wpcf7-form-control-wrap\" data-name=\"your-message\"><textarea cols=\"40\" rows=\"10\" maxlength=\"2000\" class=\"wpcf7-form-control wpcf7-textarea\" aria-invalid=\"false\" name=\"your-message\"><\/textarea><\/span>\n<\/p>\n<p><input class=\"wpcf7-form-control wpcf7-submit has-spinner\" type=\"submit\" value=\"Send\" \/>\n<\/p><div class=\"fusion-alert alert custom alert-custom fusion-alert-center wpcf7-response-output fusion-alert-capitalize alert-dismissable\" style=\"border-width:1px;\"><button type=\"button\" class=\"close toggle-alert\" data-dismiss=\"alert\" aria-label=\"Close\">&times;<\/button><div class=\"fusion-alert-content-wrapper\"><span class=\"fusion-alert-content\"><\/span><\/div><\/div>\n<\/form>\n<\/div>\n\n<div class=\"fusion-clearfix\"><\/div><\/div><\/div><\/div><\/div><div class=\"modal-footer\"><button class=\"fusion-button button-default button-medium button default medium\" type=\"button\" data-dismiss=\"modal\">Close<\/button><\/div><\/div><\/div><\/div><div class=\"fusion-clearfix\"><\/div><\/div><\/div><\/div><style type=\"text\/css\">.fusion-fullwidth.fusion-builder-row-7 { overflow:visible; }<\/style><\/div><\/p>\n","protected":false},"excerpt":{"rendered":"","protected":false},"author":5,"featured_media":0,"parent":0,"menu_order":0,"comment_status":"open","ping_status":"open","template":"100-width.php","meta":{"_exactmetrics_skip_tracking":false,"_exactmetrics_sitenote_active":false,"_exactmetrics_sitenote_note":"","_exactmetrics_sitenote_category":0,"footnotes":""},"class_list":["post-13090","page","type-page","status-publish","hentry"],"yoast_head":"<!-- This site is optimized with the Yoast SEO plugin v27.5 - https:\/\/yoast.com\/product\/yoast-seo-wordpress\/ -->\n<title>Kunststoffgranulat kaufen \/ INTER RECYCLING<\/title>\n<meta name=\"description\" content=\"Kunststoffgranulat kaufen von Inter Recycling. Restmengen hochwertiger Regranulate oder Mahlgut zu Sonderkonditionen.\" \/>\n<meta name=\"robots\" content=\"index, follow, max-snippet:-1, max-image-preview:large, max-video-preview:-1\" \/>\n<link rel=\"canonical\" href=\"https:\/\/interrecycling.eu\/de\/kunststoffgranulat-kaufen\/\" \/>\n<meta property=\"og:locale\" content=\"de_DE\" \/>\n<meta property=\"og:type\" content=\"article\" \/>\n<meta property=\"og:title\" content=\"Kunststoffgranulat kaufen \/ INTER RECYCLING\" \/>\n<meta property=\"og:description\" content=\"Kunststoffgranulat kaufen von Inter Recycling. Restmengen hochwertiger Regranulate oder Mahlgut zu Sonderkonditionen.\" \/>\n<meta property=\"og:url\" content=\"https:\/\/interrecycling.eu\/de\/kunststoffgranulat-kaufen\/\" \/>\n<meta property=\"og:site_name\" content=\"Inter Recycling\" \/>\n<meta property=\"article:modified_time\" content=\"2017-02-14T15:01:20+00:00\" \/>\n<meta property=\"og:image\" content=\"http:\/\/interrecycling.eu\/de\/wp-content\/uploads\/sites\/2\/2015\/06\/inter-recycling-170-x-257.png\" \/>\n<meta name=\"twitter:card\" content=\"summary_large_image\" \/>\n<meta name=\"twitter:label1\" content=\"Gesch\u00e4tzte Lesezeit\" \/>\n\t<meta name=\"twitter:data1\" content=\"8\u00a0Minuten\" \/>\n<script type=\"application\/ld+json\" class=\"yoast-schema-graph\">{\"@context\":\"https:\\\/\\\/schema.org\",\"@graph\":[{\"@type\":\"WebPage\",\"@id\":\"https:\\\/\\\/interrecycling.eu\\\/de\\\/kunststoffgranulat-kaufen\\\/\",\"url\":\"https:\\\/\\\/interrecycling.eu\\\/de\\\/kunststoffgranulat-kaufen\\\/\",\"name\":\"Kunststoffgranulat kaufen \\\/ INTER RECYCLING\",\"isPartOf\":{\"@id\":\"https:\\\/\\\/interrecycling.eu\\\/de\\\/#website\"},\"primaryImageOfPage\":{\"@id\":\"https:\\\/\\\/interrecycling.eu\\\/de\\\/kunststoffgranulat-kaufen\\\/#primaryimage\"},\"image\":{\"@id\":\"https:\\\/\\\/interrecycling.eu\\\/de\\\/kunststoffgranulat-kaufen\\\/#primaryimage\"},\"thumbnailUrl\":\"http:\\\/\\\/interrecycling.eu\\\/de\\\/wp-content\\\/uploads\\\/sites\\\/2\\\/2015\\\/06\\\/inter-recycling-170-x-257.png\",\"datePublished\":\"2015-06-23T12:39:49+00:00\",\"dateModified\":\"2017-02-14T15:01:20+00:00\",\"description\":\"Kunststoffgranulat kaufen von Inter Recycling. Restmengen hochwertiger Regranulate oder Mahlgut zu Sonderkonditionen.\",\"breadcrumb\":{\"@id\":\"https:\\\/\\\/interrecycling.eu\\\/de\\\/kunststoffgranulat-kaufen\\\/#breadcrumb\"},\"inLanguage\":\"de\",\"potentialAction\":[{\"@type\":\"ReadAction\",\"target\":[\"https:\\\/\\\/interrecycling.eu\\\/de\\\/kunststoffgranulat-kaufen\\\/\"]}]},{\"@type\":\"ImageObject\",\"inLanguage\":\"de\",\"@id\":\"https:\\\/\\\/interrecycling.eu\\\/de\\\/kunststoffgranulat-kaufen\\\/#primaryimage\",\"url\":\"http:\\\/\\\/interrecycling.eu\\\/de\\\/wp-content\\\/uploads\\\/sites\\\/2\\\/2015\\\/06\\\/inter-recycling-170-x-257.png\",\"contentUrl\":\"http:\\\/\\\/interrecycling.eu\\\/de\\\/wp-content\\\/uploads\\\/sites\\\/2\\\/2015\\\/06\\\/inter-recycling-170-x-257.png\"},{\"@type\":\"BreadcrumbList\",\"@id\":\"https:\\\/\\\/interrecycling.eu\\\/de\\\/kunststoffgranulat-kaufen\\\/#breadcrumb\",\"itemListElement\":[{\"@type\":\"ListItem\",\"position\":1,\"name\":\"Startseite\",\"item\":\"https:\\\/\\\/interrecycling.eu\\\/de\\\/\"},{\"@type\":\"ListItem\",\"position\":2,\"name\":\"Kunststoffgranulat kaufen\"}]},{\"@type\":\"WebSite\",\"@id\":\"https:\\\/\\\/interrecycling.eu\\\/de\\\/#website\",\"url\":\"https:\\\/\\\/interrecycling.eu\\\/de\\\/\",\"name\":\"Inter Recycling\",\"description\":\"Sekund\u00e4rRohstoffe\",\"potentialAction\":[{\"@type\":\"SearchAction\",\"target\":{\"@type\":\"EntryPoint\",\"urlTemplate\":\"https:\\\/\\\/interrecycling.eu\\\/de\\\/?s={search_term_string}\"},\"query-input\":{\"@type\":\"PropertyValueSpecification\",\"valueRequired\":true,\"valueName\":\"search_term_string\"}}],\"inLanguage\":\"de\"}]}<\/script>\n<!-- \/ Yoast SEO plugin. -->","yoast_head_json":{"title":"Kunststoffgranulat kaufen \/ INTER RECYCLING","description":"Kunststoffgranulat kaufen von Inter Recycling. Restmengen hochwertiger Regranulate oder Mahlgut zu Sonderkonditionen.","robots":{"index":"index","follow":"follow","max-snippet":"max-snippet:-1","max-image-preview":"max-image-preview:large","max-video-preview":"max-video-preview:-1"},"canonical":"https:\/\/interrecycling.eu\/de\/kunststoffgranulat-kaufen\/","og_locale":"de_DE","og_type":"article","og_title":"Kunststoffgranulat kaufen \/ INTER RECYCLING","og_description":"Kunststoffgranulat kaufen von Inter Recycling. Restmengen hochwertiger Regranulate oder Mahlgut zu Sonderkonditionen.","og_url":"https:\/\/interrecycling.eu\/de\/kunststoffgranulat-kaufen\/","og_site_name":"Inter Recycling","article_modified_time":"2017-02-14T15:01:20+00:00","og_image":[{"url":"http:\/\/interrecycling.eu\/de\/wp-content\/uploads\/sites\/2\/2015\/06\/inter-recycling-170-x-257.png","type":"","width":"","height":""}],"twitter_card":"summary_large_image","twitter_misc":{"Gesch\u00e4tzte Lesezeit":"8\u00a0Minuten"},"schema":{"@context":"https:\/\/schema.org","@graph":[{"@type":"WebPage","@id":"https:\/\/interrecycling.eu\/de\/kunststoffgranulat-kaufen\/","url":"https:\/\/interrecycling.eu\/de\/kunststoffgranulat-kaufen\/","name":"Kunststoffgranulat kaufen \/ INTER RECYCLING","isPartOf":{"@id":"https:\/\/interrecycling.eu\/de\/#website"},"primaryImageOfPage":{"@id":"https:\/\/interrecycling.eu\/de\/kunststoffgranulat-kaufen\/#primaryimage"},"image":{"@id":"https:\/\/interrecycling.eu\/de\/kunststoffgranulat-kaufen\/#primaryimage"},"thumbnailUrl":"http:\/\/interrecycling.eu\/de\/wp-content\/uploads\/sites\/2\/2015\/06\/inter-recycling-170-x-257.png","datePublished":"2015-06-23T12:39:49+00:00","dateModified":"2017-02-14T15:01:20+00:00","description":"Kunststoffgranulat kaufen von Inter Recycling. Restmengen hochwertiger Regranulate oder Mahlgut zu Sonderkonditionen.","breadcrumb":{"@id":"https:\/\/interrecycling.eu\/de\/kunststoffgranulat-kaufen\/#breadcrumb"},"inLanguage":"de","potentialAction":[{"@type":"ReadAction","target":["https:\/\/interrecycling.eu\/de\/kunststoffgranulat-kaufen\/"]}]},{"@type":"ImageObject","inLanguage":"de","@id":"https:\/\/interrecycling.eu\/de\/kunststoffgranulat-kaufen\/#primaryimage","url":"http:\/\/interrecycling.eu\/de\/wp-content\/uploads\/sites\/2\/2015\/06\/inter-recycling-170-x-257.png","contentUrl":"http:\/\/interrecycling.eu\/de\/wp-content\/uploads\/sites\/2\/2015\/06\/inter-recycling-170-x-257.png"},{"@type":"BreadcrumbList","@id":"https:\/\/interrecycling.eu\/de\/kunststoffgranulat-kaufen\/#breadcrumb","itemListElement":[{"@type":"ListItem","position":1,"name":"Startseite","item":"https:\/\/interrecycling.eu\/de\/"},{"@type":"ListItem","position":2,"name":"Kunststoffgranulat kaufen"}]},{"@type":"WebSite","@id":"https:\/\/interrecycling.eu\/de\/#website","url":"https:\/\/interrecycling.eu\/de\/","name":"Inter Recycling","description":"Sekund\u00e4rRohstoffe","potentialAction":[{"@type":"SearchAction","target":{"@type":"EntryPoint","urlTemplate":"https:\/\/interrecycling.eu\/de\/?s={search_term_string}"},"query-input":{"@type":"PropertyValueSpecification","valueRequired":true,"valueName":"search_term_string"}}],"inLanguage":"de"}]}},"_links":{"self":[{"href":"https:\/\/interrecycling.eu\/de\/wp-json\/wp\/v2\/pages\/13090","targetHints":{"allow":["GET"]}}],"collection":[{"href":"https:\/\/interrecycling.eu\/de\/wp-json\/wp\/v2\/pages"}],"about":[{"href":"https:\/\/interrecycling.eu\/de\/wp-json\/wp\/v2\/types\/page"}],"author":[{"embeddable":true,"href":"https:\/\/interrecycling.eu\/de\/wp-json\/wp\/v2\/users\/5"}],"replies":[{"embeddable":true,"href":"https:\/\/interrecycling.eu\/de\/wp-json\/wp\/v2\/comments?post=13090"}],"version-history":[{"count":5,"href":"https:\/\/interrecycling.eu\/de\/wp-json\/wp\/v2\/pages\/13090\/revisions"}],"predecessor-version":[{"id":13276,"href":"https:\/\/interrecycling.eu\/de\/wp-json\/wp\/v2\/pages\/13090\/revisions\/13276"}],"wp:attachment":[{"href":"https:\/\/interrecycling.eu\/de\/wp-json\/wp\/v2\/media?parent=13090"}],"curies":[{"name":"wp","href":"https:\/\/api.w.org\/{rel}","templated":true}]}}